{"id":6894,"date":"2023-08-20T12:22:09","date_gmt":"2023-08-20T10:22:09","guid":{"rendered":"http:\/\/www.ifmarinvast.se\/orientering\/?post_type=tribe_events&#038;p=6894"},"modified":"2023-10-02T21:10:48","modified_gmt":"2023-10-02T19:10:48","slug":"tisdagstraning-70","status":"publish","type":"tribe_events","link":"https:\/\/www.ifmarinvast.se\/orientering\/kalender\/tisdagstraning-70\/","title":{"rendered":"Tisdagstr\u00e4ning i Ruddalen"},"content":{"rendered":"<p><strong>Samling<\/strong>: <span data-sheets-value=\"{&quot;1&quot;:2,&quot;2&quot;:&quot;Nya klubbstugan, Kartl\u00e4nk: https:\/\/goo.gl\/maps\/13fBNBv9dPCnVrny8&quot;}\" data-sheets-userformat=\"{&quot;2&quot;:1049533,&quot;3&quot;:{&quot;1&quot;:0},&quot;5&quot;:{&quot;1&quot;:[{&quot;1&quot;:2,&quot;2&quot;:0,&quot;5&quot;:{&quot;1&quot;:2,&quot;2&quot;:0}},{&quot;1&quot;:0,&quot;2&quot;:0,&quot;3&quot;:3},{&quot;1&quot;:1,&quot;2&quot;:0,&quot;4&quot;:1}]},&quot;6&quot;:{&quot;1&quot;:[{&quot;1&quot;:2,&quot;2&quot;:0,&quot;5&quot;:{&quot;1&quot;:2,&quot;2&quot;:0}},{&quot;1&quot;:0,&quot;2&quot;:0,&quot;3&quot;:3},{&quot;1&quot;:1,&quot;2&quot;:0,&quot;4&quot;:1}]},&quot;7&quot;:{&quot;1&quot;:[{&quot;1&quot;:2,&quot;2&quot;:0,&quot;5&quot;:{&quot;1&quot;:2,&quot;2&quot;:0}},{&quot;1&quot;:0,&quot;2&quot;:0,&quot;3&quot;:3},{&quot;1&quot;:1,&quot;2&quot;:0,&quot;4&quot;:1}]},&quot;8&quot;:{&quot;1&quot;:[{&quot;1&quot;:2,&quot;2&quot;:0,&quot;5&quot;:{&quot;1&quot;:2,&quot;2&quot;:0}},{&quot;1&quot;:0,&quot;2&quot;:0,&quot;3&quot;:3},{&quot;1&quot;:1,&quot;2&quot;:0,&quot;4&quot;:1}]},&quot;10&quot;:0,&quot;11&quot;:4,&quot;12&quot;:0,&quot;23&quot;:1}\" data-sheets-textstyleruns=\"{&quot;1&quot;:0}\uee10{&quot;1&quot;:27,&quot;2&quot;:{&quot;2&quot;:{&quot;1&quot;:2,&quot;2&quot;:1136076},&quot;9&quot;:1}}\" data-sheets-hyperlinkruns=\"{&quot;1&quot;:27,&quot;2&quot;:&quot;https:\/\/goo.gl\/maps\/13fBNBv9dPCnVrny8&quot;}\uee10{&quot;1&quot;:64}\">Nya klubbstugan, Kartl\u00e4nk: <a class=\"in-cell-link\" href=\"https:\/\/goo.gl\/maps\/13fBNBv9dPCnVrny8\" target=\"_blank\" rel=\"noopener\">https:\/\/goo.gl\/maps\/13fBNBv9dPCnVrny8<\/a><\/span><\/p>\n<p><strong>Tid<\/strong>: Vuxna: 18.00, Barn &amp; ungdom: 17.45<\/p>\n<p><strong>Banl\u00e4ggare<\/strong>: Peter och Albert<\/p>\n<p><strong>Veckans bana<\/strong>: Banorna &#8221;Bl\u00e5&#8221; och &#8221;Bl\u00e5 kort&#8221; kommer att kommer att finnas som veckans bana, f\u00f6r den som vill v\u00e4lja egen tr\u00e4ningstid: <a href=\"https:\/\/eventor.orientering.se\/Events\/Show\/47281\">https:\/\/eventor.orientering.se\/Events\/Show\/47281<\/a><\/p>\n<p><strong>Livelox<\/strong>: Ja<\/p>\n<p>Sk\u00e4rmarna h\u00e4nger kvar till s\u00f6ndag 8 oktober klockan 14.<\/p>\n<p>&nbsp;<\/p>\n<p>&nbsp;<\/p>\n<p>&nbsp;<\/p>\n","protected":false},"excerpt":{"rendered":"<p>Samling: Nya klubbstugan, Kartl\u00e4nk: https:\/\/goo.gl\/maps\/13fBNBv9dPCnVrny8 Tid: Vuxna: 18.00, Barn &amp; ungdom: 17.45 Banl\u00e4ggare: Peter och Albert Veckans bana: Banorna &#8221;Bl\u00e5&#8221; och &#8221;Bl\u00e5 kort&#8221; kommer att kommer att finnas som veckans [&hellip;]<\/p>\n","protected":false},"author":4,"featured_media":0,"template":"","meta":{"_tribe_events_status":"","_tribe_events_status_reason":"","footnotes":""},"tags":[],"tribe_events_cat":[],"class_list":["post-6894","tribe_events","type-tribe_events","status-publish","hentry"],"_links":{"self":[{"href":"https:\/\/www.ifmarinvast.se\/orientering\/wp-json\/wp\/v2\/tribe_events\/6894","targetHints":{"allow":["GET"]}}],"collection":[{"href":"https:\/\/www.ifmarinvast.se\/orientering\/wp-json\/wp\/v2\/tribe_events"}],"about":[{"href":"https:\/\/www.ifmarinvast.se\/orientering\/wp-json\/wp\/v2\/types\/tribe_events"}],"author":[{"embeddable":true,"href":"https:\/\/www.ifmarinvast.se\/orientering\/wp-json\/wp\/v2\/users\/4"}],"version-history":[{"count":8,"href":"https:\/\/www.ifmarinvast.se\/orientering\/wp-json\/wp\/v2\/tribe_events\/6894\/revisions"}],"predecessor-version":[{"id":6969,"href":"https:\/\/www.ifmarinvast.se\/orientering\/wp-json\/wp\/v2\/tribe_events\/6894\/revisions\/6969"}],"wp:attachment":[{"href":"https:\/\/www.ifmarinvast.se\/orientering\/wp-json\/wp\/v2\/media?parent=6894"}],"wp:term":[{"taxonomy":"post_tag","embeddable":true,"href":"https:\/\/www.ifmarinvast.se\/orientering\/wp-json\/wp\/v2\/tags?post=6894"},{"taxonomy":"tribe_events_cat","embeddable":true,"href":"https:\/\/www.ifmarinvast.se\/orientering\/wp-json\/wp\/v2\/tribe_events_cat?post=6894"}],"curies":[{"name":"wp","href":"https:\/\/api.w.org\/{rel}","templated":true}]}}