{"id":6574,"date":"2022-08-14T13:31:48","date_gmt":"2022-08-14T11:31:48","guid":{"rendered":"http:\/\/www.ifmarinvast.se\/orientering\/?post_type=tribe_events&#038;p=6574"},"modified":"2022-08-23T18:16:56","modified_gmt":"2022-08-23T16:16:56","slug":"tisdagstraning-60","status":"publish","type":"tribe_events","link":"https:\/\/www.ifmarinvast.se\/orientering\/kalender\/tisdagstraning-60\/","title":{"rendered":"Tisdagstr\u00e4ning i P\u00e5velund"},"content":{"rendered":"<p>Tid: KL 18.00. Uppv\u00e4rmning barn\/ungdom startar 17.45<\/p>\n<p>Samling: \u00d6nneredshallen, kartl\u00e4nk: <a href=\"https:\/\/goo.gl\/maps\/LuaJgmW4etPZwLhD9\" target=\"_blank\" rel=\"noopener\" data-saferedirecturl=\"https:\/\/www.google.com\/url?q=https:\/\/goo.gl\/maps\/LuaJgmW4etPZwLhD9&amp;source=gmail&amp;ust=1660928542153000&amp;usg=AOvVaw2TnPsfudhW-0b4Z-YB0676\">https:\/\/goo.gl\/maps\/<wbr \/>LuaJgmW4etPZwLhD9<\/a><\/p>\n<p>Veckans bana finns i Eventor:<\/p>\n<p><a href=\"https:\/\/eventor.orientering.se\/Events\/Show\/42365\">https:\/\/eventor.orientering.se\/Events\/Show\/42365<\/a><\/p>\n<p>Livelox:<\/p>\n<p><a href=\"https:\/\/www.livelox.com\/Events\/Show\/82786\/\">https:\/\/www.livelox.com\/Events\/Show\/82786\/<\/a><\/p>\n<p>Ansvariga: Lena och Ola<\/p>\n","protected":false},"excerpt":{"rendered":"<p>Tid: KL 18.00. Uppv\u00e4rmning barn\/ungdom startar 17.45 Samling: \u00d6nneredshallen, kartl\u00e4nk: https:\/\/goo.gl\/maps\/LuaJgmW4etPZwLhD9 Veckans bana finns i Eventor: https:\/\/eventor.orientering.se\/Events\/Show\/42365 Livelox: https:\/\/www.livelox.com\/Events\/Show\/82786\/ Ansvariga: Lena och Ola<\/p>\n","protected":false},"author":4,"featured_media":0,"template":"","meta":{"_tribe_events_status":"","_tribe_events_status_reason":"","footnotes":""},"tags":[],"tribe_events_cat":[],"class_list":["post-6574","tribe_events","type-tribe_events","status-publish","hentry"],"_links":{"self":[{"href":"https:\/\/www.ifmarinvast.se\/orientering\/wp-json\/wp\/v2\/tribe_events\/6574","targetHints":{"allow":["GET"]}}],"collection":[{"href":"https:\/\/www.ifmarinvast.se\/orientering\/wp-json\/wp\/v2\/tribe_events"}],"about":[{"href":"https:\/\/www.ifmarinvast.se\/orientering\/wp-json\/wp\/v2\/types\/tribe_events"}],"author":[{"embeddable":true,"href":"https:\/\/www.ifmarinvast.se\/orientering\/wp-json\/wp\/v2\/users\/4"}],"version-history":[{"count":4,"href":"https:\/\/www.ifmarinvast.se\/orientering\/wp-json\/wp\/v2\/tribe_events\/6574\/revisions"}],"predecessor-version":[{"id":6625,"href":"https:\/\/www.ifmarinvast.se\/orientering\/wp-json\/wp\/v2\/tribe_events\/6574\/revisions\/6625"}],"wp:attachment":[{"href":"https:\/\/www.ifmarinvast.se\/orientering\/wp-json\/wp\/v2\/media?parent=6574"}],"wp:term":[{"taxonomy":"post_tag","embeddable":true,"href":"https:\/\/www.ifmarinvast.se\/orientering\/wp-json\/wp\/v2\/tags?post=6574"},{"taxonomy":"tribe_events_cat","embeddable":true,"href":"https:\/\/www.ifmarinvast.se\/orientering\/wp-json\/wp\/v2\/tribe_events_cat?post=6574"}],"curies":[{"name":"wp","href":"https:\/\/api.w.org\/{rel}","templated":true}]}}