{"id":57,"date":"2015-08-11T19:51:41","date_gmt":"2015-08-11T17:51:41","guid":{"rendered":"http:\/\/ifmarinvast.se\/2016\/?post_type=tribe_events&#038;p=57"},"modified":"2015-10-11T22:38:05","modified_gmt":"2015-10-11T20:38:05","slug":"uppstartsmote","status":"publish","type":"tribe_events","link":"https:\/\/www.ifmarinvast.se\/orientering\/kalender\/uppstartsmote\/","title":{"rendered":"Uppstartsm\u00f6te"},"content":{"rendered":"<p><strong>V\u00e4lkomna p\u00e5 h\u00f6sts\u00e4songens uppstartsm\u00f6te i klubbstugan<\/strong><\/p>\n<p>Vi samlas vid vakten p\u00e5 F\u00f6MedC kl 11:00, l\u00f6rdag 22 augusti, f\u00f6r gemensam inpassering genom vakten. Kom i tid!<\/p>\n<p>Vid klubbstugan blir det information om h\u00f6stens aktiviteter, miniorientering och fika. Ni kommer ocks\u00e5 att f\u00e5 h\u00f6stens klubblad s\u00e5 att ni kan ha koll p\u00e5 alla tr\u00e4ningar och t\u00e4vlingar som kommer.<\/p>\n<p>Kom i bekv\u00e4ma kl\u00e4der och skor som g\u00e5r att springa i. Vi h\u00e5ller p\u00e5 till ca 13:00.<\/p>\n<p>Varmt v\u00e4lkomna!<br \/>\n\/Klas<\/p>\n","protected":false},"excerpt":{"rendered":"<p>V\u00e4lkomna p\u00e5 h\u00f6sts\u00e4songens uppstartsm\u00f6te i klubbstugan Vi samlas vid vakten p\u00e5 F\u00f6MedC kl 11:00, l\u00f6rdag 22 augusti, f\u00f6r gemensam inpassering genom vakten. Kom i tid! Vid klubbstugan blir det information [&hellip;]<\/p>\n","protected":false},"author":1,"featured_media":2533,"template":"","meta":{"_tribe_events_status":"","_tribe_events_status_reason":"","footnotes":""},"tags":[],"tribe_events_cat":[276],"class_list":["post-57","tribe_events","type-tribe_events","status-publish","has-post-thumbnail","hentry","tribe_events_cat-ungdom","cat_ungdom"],"_links":{"self":[{"href":"https:\/\/www.ifmarinvast.se\/orientering\/wp-json\/wp\/v2\/tribe_events\/57","targetHints":{"allow":["GET"]}}],"collection":[{"href":"https:\/\/www.ifmarinvast.se\/orientering\/wp-json\/wp\/v2\/tribe_events"}],"about":[{"href":"https:\/\/www.ifmarinvast.se\/orientering\/wp-json\/wp\/v2\/types\/tribe_events"}],"author":[{"embeddable":true,"href":"https:\/\/www.ifmarinvast.se\/orientering\/wp-json\/wp\/v2\/users\/1"}],"version-history":[{"count":0,"href":"https:\/\/www.ifmarinvast.se\/orientering\/wp-json\/wp\/v2\/tribe_events\/57\/revisions"}],"wp:featuredmedia":[{"embeddable":true,"href":"https:\/\/www.ifmarinvast.se\/orientering\/wp-json\/wp\/v2\/media\/2533"}],"wp:attachment":[{"href":"https:\/\/www.ifmarinvast.se\/orientering\/wp-json\/wp\/v2\/media?parent=57"}],"wp:term":[{"taxonomy":"post_tag","embeddable":true,"href":"https:\/\/www.ifmarinvast.se\/orientering\/wp-json\/wp\/v2\/tags?post=57"},{"taxonomy":"tribe_events_cat","embeddable":true,"href":"https:\/\/www.ifmarinvast.se\/orientering\/wp-json\/wp\/v2\/tribe_events_cat?post=57"}],"curies":[{"name":"wp","href":"https:\/\/api.w.org\/{rel}","templated":true}]}}