{"id":5591,"date":"2020-03-30T18:06:12","date_gmt":"2020-03-30T16:06:12","guid":{"rendered":"http:\/\/www.ifmarinvast.se\/orientering\/?post_type=tribe_events&#038;p=5591"},"modified":"2020-05-29T13:10:27","modified_gmt":"2020-05-29T11:10:27","slug":"klubbmasterskap-4","status":"publish","type":"tribe_events","link":"https:\/\/www.ifmarinvast.se\/orientering\/kalender\/klubbmasterskap-4\/","title":{"rendered":"Klubbm\u00e4sterskap"},"content":{"rendered":"<blockquote class=\"wp-embedded-content\" data-secret=\"AuCj0rkEBI\"><p><a href=\"https:\/\/www.ifmarinvast.se\/orientering\/resultat-km-2020\/\">Resultat KM 2020<\/a><\/p><\/blockquote>\n<p><iframe loading=\"lazy\" class=\"wp-embedded-content\" sandbox=\"allow-scripts\" security=\"restricted\" style=\"position: absolute; visibility: hidden;\" title=\"\u201dResultat KM 2020\u201d &ndash; IF Marin V\u00e4st\" src=\"https:\/\/www.ifmarinvast.se\/orientering\/resultat-km-2020\/embed\/#?secret=dFlLfx0cEH#?secret=AuCj0rkEBI\" data-secret=\"AuCj0rkEBI\" width=\"600\" height=\"338\" frameborder=\"0\" marginwidth=\"0\" marginheight=\"0\" scrolling=\"no\"><\/iframe><\/p>\n<blockquote class=\"wp-embedded-content\" data-secret=\"Z6ttNE0uwH\"><p><a href=\"https:\/\/www.ifmarinvast.se\/orientering\/startlista-km-28-maj\/\">Startlista KM 28 maj<\/a><\/p><\/blockquote>\n<p><iframe loading=\"lazy\" class=\"wp-embedded-content\" sandbox=\"allow-scripts\" security=\"restricted\" style=\"position: absolute; visibility: hidden;\" title=\"\u201dStartlista KM 28 maj\u201d &ndash; IF Marin V\u00e4st\" src=\"https:\/\/www.ifmarinvast.se\/orientering\/startlista-km-28-maj\/embed\/#?secret=HXzAX7b0nK#?secret=Z6ttNE0uwH\" data-secret=\"Z6ttNE0uwH\" width=\"600\" height=\"338\" frameborder=\"0\" marginwidth=\"0\" marginheight=\"0\" scrolling=\"no\"><\/iframe><\/p>\n<blockquote class=\"wp-embedded-content\" data-secret=\"4zOreKjIZW\"><p><a href=\"https:\/\/www.ifmarinvast.se\/orientering\/nu-ar-det-dags-att-anmala-sig-till-arets-klubbmasterskap\/\">Nu \u00e4r det dags att anm\u00e4la sig till \u00e5rets klubbm\u00e4sterskap<\/a><\/p><\/blockquote>\n<p><iframe loading=\"lazy\" class=\"wp-embedded-content\" sandbox=\"allow-scripts\" security=\"restricted\" style=\"position: absolute; visibility: hidden;\" title=\"\u201dNu \u00e4r det dags att anm\u00e4la sig till \u00e5rets klubbm\u00e4sterskap\u201d &ndash; IF Marin V\u00e4st\" src=\"https:\/\/www.ifmarinvast.se\/orientering\/nu-ar-det-dags-att-anmala-sig-till-arets-klubbmasterskap\/embed\/#?secret=JdOnOkaevt#?secret=4zOreKjIZW\" data-secret=\"4zOreKjIZW\" width=\"600\" height=\"338\" frameborder=\"0\" marginwidth=\"0\" marginheight=\"0\" scrolling=\"no\"><\/iframe><\/p>\n","protected":false},"excerpt":{"rendered":"<p>Resultat KM 2020 Startlista KM 28 maj Nu \u00e4r det dags att anm\u00e4la sig till \u00e5rets klubbm\u00e4sterskap<\/p>\n","protected":false},"author":4,"featured_media":0,"template":"","meta":{"_tribe_events_status":"","_tribe_events_status_reason":"","footnotes":""},"tags":[],"tribe_events_cat":[],"class_list":["post-5591","tribe_events","type-tribe_events","status-publish","hentry"],"_links":{"self":[{"href":"https:\/\/www.ifmarinvast.se\/orientering\/wp-json\/wp\/v2\/tribe_events\/5591","targetHints":{"allow":["GET"]}}],"collection":[{"href":"https:\/\/www.ifmarinvast.se\/orientering\/wp-json\/wp\/v2\/tribe_events"}],"about":[{"href":"https:\/\/www.ifmarinvast.se\/orientering\/wp-json\/wp\/v2\/types\/tribe_events"}],"author":[{"embeddable":true,"href":"https:\/\/www.ifmarinvast.se\/orientering\/wp-json\/wp\/v2\/users\/4"}],"version-history":[{"count":4,"href":"https:\/\/www.ifmarinvast.se\/orientering\/wp-json\/wp\/v2\/tribe_events\/5591\/revisions"}],"predecessor-version":[{"id":5677,"href":"https:\/\/www.ifmarinvast.se\/orientering\/wp-json\/wp\/v2\/tribe_events\/5591\/revisions\/5677"}],"wp:attachment":[{"href":"https:\/\/www.ifmarinvast.se\/orientering\/wp-json\/wp\/v2\/media?parent=5591"}],"wp:term":[{"taxonomy":"post_tag","embeddable":true,"href":"https:\/\/www.ifmarinvast.se\/orientering\/wp-json\/wp\/v2\/tags?post=5591"},{"taxonomy":"tribe_events_cat","embeddable":true,"href":"https:\/\/www.ifmarinvast.se\/orientering\/wp-json\/wp\/v2\/tribe_events_cat?post=5591"}],"curies":[{"name":"wp","href":"https:\/\/api.w.org\/{rel}","templated":true}]}}