{"id":4695,"date":"2018-02-06T13:55:02","date_gmt":"2018-02-06T12:55:02","guid":{"rendered":"http:\/\/www.ifmarinvast.se\/orientering\/?post_type=tribe_events&#038;p=4695"},"modified":"2018-02-27T16:00:26","modified_gmt":"2018-02-27T15:00:26","slug":"klubblager","status":"publish","type":"tribe_events","link":"https:\/\/www.ifmarinvast.se\/orientering\/kalender\/klubblager\/","title":{"rendered":"Klubbl\u00e4ger"},"content":{"rendered":"<p><span style=\"font-size: large;\"><b>Klubbl\u00e4ger den 17-18 mars<\/b><\/span><\/p>\n<p><strong>V\u00e4lkomna till v\u00e5rens orienteringsl\u00e4ger<\/strong>, med orienteringstr\u00e4ning f\u00f6r alla medlemmar, b\u00e5de vuxna och ungdom!<\/p>\n<p>Vi kommer att h\u00e5lla till i IK Uvens klubbstuga i Bunketorp, Lindome, l\u00f6rdag morgon till s\u00f6ndag em. Upp till 20 personer kan \u00f6vernatta (p\u00e5 h\u00e5rt underlag), s\u00e5 f\u00f6rst till kvarn g\u00e4ller om man vill ha sovplats! Annars g\u00e5r det f\u00f6rst\u00e5s bra att bara delta dagtid. L\u00e4geravgiften \u00e4r 200kr per person, oavsett om man \u00f6vernattar eller inte.<\/p>\n<p>Maten lagar vi tillsammans i matlag, och det finns omkl\u00e4dningsrum med dusch och bastu. Alla orienterings\u00f6vningar h\u00e5lls p\u00e5 flera niv\u00e5er s\u00e5 alla kan v\u00e4lja en som passar.<\/p>\n<p><strong>Anm\u00e4lan<br \/>\n<\/strong>Anm\u00e4l dig <a href=\"https:\/\/eventor.orientering.se\/Activities\/Show\/8009\">h\u00e4r via Eventor<\/a>, <strong>senast den 9 mars<\/strong>!<\/p>\n<p>I Eventor\u00a0kan man logga in med sitt personliga Eventor-l\u00f6senord. Eller s\u00e5 kan man v\u00e4lja \u201dJag loggar in med organisationens l\u00f6senord\u201d, v\u00e4lj d\u00e5 IF Marin V\u00e4st som klubb och anv\u00e4nd l\u00f6senordet som skickats ut i e-mail.<\/p>\n<p><strong>Kontaktperson<br \/>\n<\/strong>Linda Martinsson,\u00a0<a href=\"mailto:linda.martinsson@gmail.com\">linda.martinsson@gmail.com<\/a><\/p>\n<p>&nbsp;<\/p>\n<p>Liten packlista:<\/p>\n<ul>\n<li>orienteringskl\u00e4der, g\u00e4rna flera ombyten<\/li>\n<li>orienteringsskor<\/li>\n<li>fyra par strumpor att springa med<\/li>\n<li>varma kl\u00e4der, m\u00f6ssa och vantar<\/li>\n<li>kompass om du har<\/li>\n<li>luftmadrass\/liggunderlag om du sover \u00f6ver<\/li>\n<li>sovs\u00e4ck och kudde om du sover \u00f6ver<\/li>\n<li>ficklampa eller pannlampa om du sover \u00f6ver<\/li>\n<li>necess\u00e4r<\/li>\n<li>handduk<\/li>\n<\/ul>\n<p>&nbsp;<\/p>\n<p>&nbsp;<\/p>\n<p>Schemat \u00e4r inte helt spikat \u00e4n, men prelimin\u00e4ra tider \u00e4r<\/p>\n<p>L\u00f6rdag<\/p>\n<p>0830 Samling Bunketorp, genomg\u00e5ng<\/p>\n<p>0900 Orienteringspass\u00a01<\/p>\n<p>Dusch, uppf\u00f6ljning och fika<\/p>\n<p>1200 Lunch<\/p>\n<p>1300 Litet teoripass<\/p>\n<p>1400 Orienteringspass 2<\/p>\n<p>Dusch, uppf\u00f6ljning och fika<\/p>\n<p>1800 Middag<\/p>\n<p>2000 Nattorienteringslek<\/p>\n<p>S\u00f6ndag<\/p>\n<p>0700 Upp och hoppa<\/p>\n<p>0730 Frukost<\/p>\n<p>0830 Morgonteori<\/p>\n<p>0900\u00a0Orienteringspass\u00a03<\/p>\n<p>Dusch, uppf\u00f6ljning och fika<\/p>\n<p>1200 Lunch<\/p>\n<p>1400\u00a0Orienteringspass 4 (kort \u00f6vning)<\/p>\n<p>1500 Dusch och st\u00e4dning<\/p>\n","protected":false},"excerpt":{"rendered":"<p>Klubbl\u00e4ger den 17-18 mars V\u00e4lkomna till v\u00e5rens orienteringsl\u00e4ger, med orienteringstr\u00e4ning f\u00f6r alla medlemmar, b\u00e5de vuxna och ungdom! Vi kommer att h\u00e5lla till i IK Uvens klubbstuga i Bunketorp, Lindome, l\u00f6rdag [&hellip;]<\/p>\n","protected":false},"author":4,"featured_media":0,"template":"","meta":{"_tribe_events_status":"","_tribe_events_status_reason":"","footnotes":""},"tags":[],"tribe_events_cat":[],"class_list":["post-4695","tribe_events","type-tribe_events","status-publish","hentry"],"_links":{"self":[{"href":"https:\/\/www.ifmarinvast.se\/orientering\/wp-json\/wp\/v2\/tribe_events\/4695","targetHints":{"allow":["GET"]}}],"collection":[{"href":"https:\/\/www.ifmarinvast.se\/orientering\/wp-json\/wp\/v2\/tribe_events"}],"about":[{"href":"https:\/\/www.ifmarinvast.se\/orientering\/wp-json\/wp\/v2\/types\/tribe_events"}],"author":[{"embeddable":true,"href":"https:\/\/www.ifmarinvast.se\/orientering\/wp-json\/wp\/v2\/users\/4"}],"version-history":[{"count":3,"href":"https:\/\/www.ifmarinvast.se\/orientering\/wp-json\/wp\/v2\/tribe_events\/4695\/revisions"}],"predecessor-version":[{"id":4789,"href":"https:\/\/www.ifmarinvast.se\/orientering\/wp-json\/wp\/v2\/tribe_events\/4695\/revisions\/4789"}],"wp:attachment":[{"href":"https:\/\/www.ifmarinvast.se\/orientering\/wp-json\/wp\/v2\/media?parent=4695"}],"wp:term":[{"taxonomy":"post_tag","embeddable":true,"href":"https:\/\/www.ifmarinvast.se\/orientering\/wp-json\/wp\/v2\/tags?post=4695"},{"taxonomy":"tribe_events_cat","embeddable":true,"href":"https:\/\/www.ifmarinvast.se\/orientering\/wp-json\/wp\/v2\/tribe_events_cat?post=4695"}],"curies":[{"name":"wp","href":"https:\/\/api.w.org\/{rel}","templated":true}]}}