{"id":4474,"date":"2017-06-05T23:27:27","date_gmt":"2017-06-05T21:27:27","guid":{"rendered":"http:\/\/www.ifmarinvast.se\/orientering\/?post_type=tribe_events&#038;p=4474"},"modified":"2017-06-05T23:28:15","modified_gmt":"2017-06-05T21:28:15","slug":"hallands-3-dagars","status":"publish","type":"tribe_events","link":"https:\/\/www.ifmarinvast.se\/orientering\/kalender\/hallands-3-dagars\/","title":{"rendered":"Hallands 3-dagars"},"content":{"rendered":"<div class=\"page\" title=\"Page 1\">\n<div class=\"layoutArea\">\n<div class=\"column\">\n<p>Falkenbergs OK, Hylte OK, IK Trenne, OK Gl\u00e4ntan och \u00c4trans IF inbjuder till en h\u00e4rlig orienteringshelg i Hallands vackra storskogar. Tre dagars t\u00e4vlingar med avslutande jaktstart. Samma arena alla dagarna. Egen camping p\u00e5 g\u00e5ngavst\u00e5nd till arenan.<\/p>\n<p><strong>Program<br \/>\n<\/strong>Fredag 14 juli \u2013 Etapp 1, medeldistans, f\u00f6rsta start kl. 16.00<br \/>\nL\u00f6rdag 15 juli \u2013 Etapp 2, l\u00e5ngdistans, f\u00f6rsta start kl. 10.00<br \/>\nS\u00f6ndag 16 juli \u2013 Etapp 3, l\u00e5ngdistans med jaktstart, f\u00f6rsta start kl. 10.00<\/p>\n<\/div>\n<\/div>\n<\/div>\n<p><a href=\"https:\/\/eventor.orientering.se\/Events\/Show\/15250?\">Se Eventor<\/a><\/p>\n","protected":false},"excerpt":{"rendered":"<p>Falkenbergs OK, Hylte OK, IK Trenne, OK Gl\u00e4ntan och \u00c4trans IF inbjuder till en h\u00e4rlig orienteringshelg i Hallands vackra storskogar. Tre dagars t\u00e4vlingar med avslutande jaktstart. Samma arena alla dagarna. [&hellip;]<\/p>\n","protected":false},"author":4,"featured_media":0,"template":"","meta":{"_tribe_events_status":"","_tribe_events_status_reason":"","footnotes":""},"tags":[],"tribe_events_cat":[],"class_list":["post-4474","tribe_events","type-tribe_events","status-publish","hentry"],"_links":{"self":[{"href":"https:\/\/www.ifmarinvast.se\/orientering\/wp-json\/wp\/v2\/tribe_events\/4474","targetHints":{"allow":["GET"]}}],"collection":[{"href":"https:\/\/www.ifmarinvast.se\/orientering\/wp-json\/wp\/v2\/tribe_events"}],"about":[{"href":"https:\/\/www.ifmarinvast.se\/orientering\/wp-json\/wp\/v2\/types\/tribe_events"}],"author":[{"embeddable":true,"href":"https:\/\/www.ifmarinvast.se\/orientering\/wp-json\/wp\/v2\/users\/4"}],"version-history":[{"count":2,"href":"https:\/\/www.ifmarinvast.se\/orientering\/wp-json\/wp\/v2\/tribe_events\/4474\/revisions"}],"predecessor-version":[{"id":4476,"href":"https:\/\/www.ifmarinvast.se\/orientering\/wp-json\/wp\/v2\/tribe_events\/4474\/revisions\/4476"}],"wp:attachment":[{"href":"https:\/\/www.ifmarinvast.se\/orientering\/wp-json\/wp\/v2\/media?parent=4474"}],"wp:term":[{"taxonomy":"post_tag","embeddable":true,"href":"https:\/\/www.ifmarinvast.se\/orientering\/wp-json\/wp\/v2\/tags?post=4474"},{"taxonomy":"tribe_events_cat","embeddable":true,"href":"https:\/\/www.ifmarinvast.se\/orientering\/wp-json\/wp\/v2\/tribe_events_cat?post=4474"}],"curies":[{"name":"wp","href":"https:\/\/api.w.org\/{rel}","templated":true}]}}