{"id":3898,"date":"2016-06-08T21:00:19","date_gmt":"2016-06-08T19:00:19","guid":{"rendered":"http:\/\/www.ifmarinvast.se\/orientering\/?post_type=tribe_events&#038;p=3898"},"modified":"2016-06-08T21:00:55","modified_gmt":"2016-06-08T19:00:55","slug":"sektionsmote-torsdag-16-juni","status":"publish","type":"tribe_events","link":"https:\/\/www.ifmarinvast.se\/orientering\/kalender\/sektionsmote-torsdag-16-juni\/","title":{"rendered":"Sektionsm\u00f6te torsdag 16 juni"},"content":{"rendered":"<p>Torsdag den 16 juni\u00a0har vi n\u00e4sta sektionsm\u00f6te. Vi planerar att ha\u00a0sektionsm\u00f6te fyra g\u00e5nger om \u00e5ret, och b\u00f6rjade i november i fjol.\u00a0M\u00f6tena \u00e4r \u00f6ppna f\u00f6r alla medlemmar,\u00a0och syftet \u00e4r att\u00a0prata om verksamheten,\u00a0vad som har h\u00e4nt och vilken verksamhet vi vill ha under\u00a0s\u00e4songen som kommer. Vill du ha fler eller f\u00e4rre tr\u00e4ningar, vill du g\u00e5 en kurs eller vara ledare f\u00f6r ungdomar?\u00a0Det \u00e4r nu du har en chans att vara med och p\u00e5verka! Eller, om du inte vill p\u00e5verka alls, kom och fika och tr\u00e4ffa klubbkompisar och h\u00f6r om vad som kommer h\u00e4nda i klubben fram\u00f6ver.<\/p>\n<p>Under \u00e5ret har vi fyra sektionsm\u00f6ten, i februari, juni, augusti och november. Vi h\u00e5ller till i klubbstugan och f\u00f6rs\u00f6ker h\u00e5lla m\u00f6tena till h\u00f6gst tv\u00e5 timmar, 18:30 \u2013 20:30. Klubben bjuder p\u00e5 fika!<\/p>\n<p>P\u00e5 torsdag\u00a0kommer vi att fokusera p\u00e5 v\u00e5rens verksamhet, nyb\u00f6rjarkurs och tr\u00e4ningar, vad som varit bra och vad vi kan \u00e4ndra p\u00e5, samt b\u00f6rja titta p\u00e5 h\u00f6stens kalender.<\/p>\n<p>Anm\u00e4l dig till\u00a0<a href=\"mailto:orientering@ifmarinvast.se\">orientering@ifmarinvast.se<\/a>, s\u00e5 vi kan ber\u00e4kna hur mycket fika som beh\u00f6vs.<\/p>\n","protected":false},"excerpt":{"rendered":"<p>Torsdag den 16 juni\u00a0har vi n\u00e4sta sektionsm\u00f6te. Vi planerar att ha\u00a0sektionsm\u00f6te fyra g\u00e5nger om \u00e5ret, och b\u00f6rjade i november i fjol.\u00a0M\u00f6tena \u00e4r \u00f6ppna f\u00f6r alla medlemmar,\u00a0och syftet \u00e4r att\u00a0prata om [&hellip;]<\/p>\n","protected":false},"author":1,"featured_media":2533,"template":"","meta":{"_tribe_events_status":"","_tribe_events_status_reason":"","footnotes":""},"tags":[],"tribe_events_cat":[370],"class_list":["post-3898","tribe_events","type-tribe_events","status-publish","has-post-thumbnail","hentry","tribe_events_cat-klubbsammankomst","cat_klubbsammankomst"],"_links":{"self":[{"href":"https:\/\/www.ifmarinvast.se\/orientering\/wp-json\/wp\/v2\/tribe_events\/3898","targetHints":{"allow":["GET"]}}],"collection":[{"href":"https:\/\/www.ifmarinvast.se\/orientering\/wp-json\/wp\/v2\/tribe_events"}],"about":[{"href":"https:\/\/www.ifmarinvast.se\/orientering\/wp-json\/wp\/v2\/types\/tribe_events"}],"author":[{"embeddable":true,"href":"https:\/\/www.ifmarinvast.se\/orientering\/wp-json\/wp\/v2\/users\/1"}],"version-history":[{"count":0,"href":"https:\/\/www.ifmarinvast.se\/orientering\/wp-json\/wp\/v2\/tribe_events\/3898\/revisions"}],"wp:featuredmedia":[{"embeddable":true,"href":"https:\/\/www.ifmarinvast.se\/orientering\/wp-json\/wp\/v2\/media\/2533"}],"wp:attachment":[{"href":"https:\/\/www.ifmarinvast.se\/orientering\/wp-json\/wp\/v2\/media?parent=3898"}],"wp:term":[{"taxonomy":"post_tag","embeddable":true,"href":"https:\/\/www.ifmarinvast.se\/orientering\/wp-json\/wp\/v2\/tags?post=3898"},{"taxonomy":"tribe_events_cat","embeddable":true,"href":"https:\/\/www.ifmarinvast.se\/orientering\/wp-json\/wp\/v2\/tribe_events_cat?post=3898"}],"curies":[{"name":"wp","href":"https:\/\/api.w.org\/{rel}","templated":true}]}}