{"id":3201,"date":"2015-10-11T21:32:54","date_gmt":"2015-10-11T19:32:54","guid":{"rendered":"http:\/\/www.ifmarinvast.se\/orientering\/?post_type=tribe_events&#038;p=3201"},"modified":"2016-02-14T21:07:54","modified_gmt":"2016-02-14T20:07:54","slug":"sektionsmote-2","status":"publish","type":"tribe_events","link":"https:\/\/www.ifmarinvast.se\/orientering\/kalender\/sektionsmote-2\/","title":{"rendered":"Sektionsm\u00f6te"},"content":{"rendered":"<p><strong>V\u00e4lkommen p\u00e5 sektionsm\u00f6te!<\/strong><\/p>\n<p>Fyra g\u00e5nger per \u00e5r har vi sektionsm\u00f6ten d\u00e5 vi g\u00e5r igenom vad som h\u00e4nt och planerar s\u00e4songen som kommer. Alla som \u00e4r nyfikna p\u00e5 verksamheten och vill vara med och diskutera eller arrangera n\u00e5got \u00e4r v\u00e4lkomna att vara med.<\/p>\n<p>Under \u00e5ret har vi fyra sektionsm\u00f6ten, i februari, maj, augusti och november. Vi h\u00e5ller till i klubbstugan och f\u00f6rs\u00f6ker h\u00e5lla m\u00f6tena till h\u00f6gst tv\u00e5 timmar, 18:30 &#8211; 20:30. Klubben bjuder p\u00e5 fika!<\/p>\n<p>Under m\u00f6tena g\u00e5r vi bland annat igenom:<\/p>\n<ul>\n<li>Tr\u00e4ningar, t\u00e4vlingar och schemat<\/li>\n<li>Ungdomsgruppen<\/li>\n<li>V\u00e5ra arrangemang<\/li>\n<li>Orienteringskurser, l\u00e4ger, resor<\/li>\n<li>Information fr\u00e5n klubbstyrelsen, orienteringsf\u00f6rbundet, regementet, stadsdelen, mm<\/li>\n<\/ul>\n<h2>Agenda tisdag 23 feb<\/h2>\n<ul>\n<li>\n<div>Nyb\u00f6rjarkurs, vill du leda?<\/div>\n<\/li>\n<li>\n<div>Information om Garnisonen och inpasseringsreglerna<\/div>\n<\/li>\n<li>\n<div>\u00c5rets schema<\/div>\n<\/li>\n<li>\n<div>Rapporteringar fr\u00e5n GOF, mm<\/div>\n<\/li>\n<\/ul>\n<p>Anm\u00e4l dig till <a href=\"mailto:orientering@ifmarinvast.se\">orientering@ifmarinvast.se<\/a> f\u00f6r att komma med p\u00e5 inpasseringslistan.<\/p>\n","protected":false},"excerpt":{"rendered":"<p>V\u00e4lkommen p\u00e5 sektionsm\u00f6te! Fyra g\u00e5nger per \u00e5r har vi sektionsm\u00f6ten d\u00e5 vi g\u00e5r igenom vad som h\u00e4nt och planerar s\u00e4songen som kommer. Alla som \u00e4r nyfikna p\u00e5 verksamheten och vill [&hellip;]<\/p>\n","protected":false},"author":1,"featured_media":0,"template":"","meta":{"_tribe_events_status":"","_tribe_events_status_reason":"","footnotes":""},"tags":[],"tribe_events_cat":[276],"class_list":["post-3201","tribe_events","type-tribe_events","status-publish","hentry","tribe_events_cat-ungdom","cat_ungdom"],"_links":{"self":[{"href":"https:\/\/www.ifmarinvast.se\/orientering\/wp-json\/wp\/v2\/tribe_events\/3201","targetHints":{"allow":["GET"]}}],"collection":[{"href":"https:\/\/www.ifmarinvast.se\/orientering\/wp-json\/wp\/v2\/tribe_events"}],"about":[{"href":"https:\/\/www.ifmarinvast.se\/orientering\/wp-json\/wp\/v2\/types\/tribe_events"}],"author":[{"embeddable":true,"href":"https:\/\/www.ifmarinvast.se\/orientering\/wp-json\/wp\/v2\/users\/1"}],"version-history":[{"count":1,"href":"https:\/\/www.ifmarinvast.se\/orientering\/wp-json\/wp\/v2\/tribe_events\/3201\/revisions"}],"predecessor-version":[{"id":3202,"href":"https:\/\/www.ifmarinvast.se\/orientering\/wp-json\/wp\/v2\/tribe_events\/3201\/revisions\/3202"}],"wp:attachment":[{"href":"https:\/\/www.ifmarinvast.se\/orientering\/wp-json\/wp\/v2\/media?parent=3201"}],"wp:term":[{"taxonomy":"post_tag","embeddable":true,"href":"https:\/\/www.ifmarinvast.se\/orientering\/wp-json\/wp\/v2\/tags?post=3201"},{"taxonomy":"tribe_events_cat","embeddable":true,"href":"https:\/\/www.ifmarinvast.se\/orientering\/wp-json\/wp\/v2\/tribe_events_cat?post=3201"}],"curies":[{"name":"wp","href":"https:\/\/api.w.org\/{rel}","templated":true}]}}