{"id":3199,"date":"2015-10-11T21:31:20","date_gmt":"2015-10-11T19:31:20","guid":{"rendered":"http:\/\/www.ifmarinvast.se\/orientering\/?post_type=tribe_events&#038;p=3199"},"modified":"2015-11-17T23:01:34","modified_gmt":"2015-11-17T22:01:34","slug":"sektionsmote","status":"publish","type":"tribe_events","link":"https:\/\/www.ifmarinvast.se\/orientering\/kalender\/sektionsmote\/","title":{"rendered":"Sektionsm\u00f6te"},"content":{"rendered":"<p>V\u00e4lkommen p\u00e5 sektionsm\u00f6te!<\/p>\n<p>Fyra g\u00e5nger per \u00e5r har vi sektionsm\u00f6ten d\u00e5 vi g\u00e5r igenom vad som h\u00e4nt och planerar s\u00e4songen som kommer. Alla som \u00e4r nyfikna p\u00e5 verksamheten och vill vara med och diskutera eller arrangera n\u00e5got \u00e4r v\u00e4lkomna att vara med.<\/p>\n<p>Under \u00e5ret har vi fyra sektionsm\u00f6ten, i februari, maj, augusti och november. Vi h\u00e5ller till i klubbstugan och f\u00f6rs\u00f6ker h\u00e5lla m\u00f6tena till h\u00f6gst tv\u00e5 timmar, 18:30 &#8211; 20:30. Klubben bjuder p\u00e5 fika!<\/p>\n<p><strong>Dagordning 17\/11<\/strong><\/p>\n<ul>\n<li>Tr\u00e4ningar, t\u00e4vlingar och schemat\n<ul>\n<li>Nyb\u00f6rjarkurs 2016?<\/li>\n<\/ul>\n<\/li>\n<li>Ungdomsgrupp? Organisation?<\/li>\n<li>V\u00e5ra arrangemang\n<ul>\n<li>N\u00e4rnattcup<\/li>\n<li>Natt-DM\n<ul>\n<li>Utbildningsbehov?<\/li>\n<\/ul>\n<\/li>\n<\/ul>\n<\/li>\n<li>Orienteringskurser, l\u00e4ger, resor<\/li>\n<li>Information fr\u00e5n klubbstyrelsen, orienteringsf\u00f6rbundet, regementet, stadsdelen, mm\n<ul>\n<li>Representant till GOFs valberedning<\/li>\n<li>Bankontrollant<\/li>\n<li>Information om inpassering<\/li>\n<\/ul>\n<\/li>\n<\/ul>\n<h2>Protokoll sektionsm\u00f6te 17 november 2015<\/h2>\n<p>N\u00e4rvarande: Anna Broberg, Linda Martinsson, G\u00f6sta Malmer, Klas Petersson, Staffan Broberg<\/p>\n<ul>\n<li>Tr\u00e4ning\/t\u00e4vling\/schema\n<ul>\n<li>Linda g\u00e5r igenom t\u00e4vlingsprogrammet.<\/li>\n<li>I augusti g\u00e5r VM i Str\u00f6mstad s\u00e5 inga andra t\u00e4vlingar d\u00e5.<\/li>\n<li>Vi \u00e4r bankontrollant f\u00f6r Landehofs l\u00e5ngt\u00e4vling den 18 september, tillsammans med Skidklubben.<\/li>\n<li>Diskussion om varf\u00f6r vi har sv\u00e5rt att beh\u00e5lla ungdomar.\n<ul>\n<li>\u00c4r vi kanske d\u00e5liga p\u00e5 att f\u00e5 ut ungdomarna p\u00e5 t\u00e4vlingar?<\/li>\n<li>En grupp beh\u00f6vs f\u00f6r att f\u00e5 sammanh\u00e5llning.<\/li>\n<\/ul>\n<\/li>\n<li>Ide\u00e9r p\u00e5 att f\u00f6rb\u00e4ttra v\u00e5ra kurser\/tr\u00e4ningar:\n<ul>\n<li>Regelbundenhet<\/li>\n<li>Ledaren\/tr\u00e4naren<\/li>\n<li>Uppf\u00f6ljningen<\/li>\n<li>Anv\u00e4nda befintliga arrangemang, GOF-tr\u00e4ningar kanske kan anv\u00e4ndas, t\u00e4vlingar<\/li>\n<\/ul>\n<\/li>\n<li>Diskussion om tr\u00e4ningar i \u00f6vrigt:\n<ul>\n<li>Tisdagstr\u00e4ningarna i P\u00e5velund var bra.<\/li>\n<li>Karin borde k\u00f6ra R\u00e4ven igen. Den var s\u00e5 bra.<\/li>\n<li>L\u00f6rdagstr\u00e4ningar \u00e4r kul<\/li>\n<li>Vi diskuterar GMOKs nyb\u00f6rjarkurs-uppl\u00e4gg med en intensivkurs under en helg ist\u00e4llet f\u00f6r m\u00e5nga vardagskv\u00e4llar.<\/li>\n<li>Eventuellt kan vi k\u00f6ra enklare tisdagstr\u00e4ningar, utan krav p\u00e5 specifika banor och utan att bjuda in andra klubbar och motion\u00e4rer (som vi gjort under 2015). Detta skulle ge ett enklare arrangemang med mer kreativ frihet. L\u00f6rdagstr\u00e4ningar kan forts\u00e4tta vara mer seri\u00f6sa med givna banor och publiceras i Eventor.<\/li>\n<\/ul>\n<\/li>\n<\/ul>\n<\/li>\n<li>V\u00e5ra arrangemang\n<ul>\n<li>N\u00e4rnattcuppen (vi arrangerade i oktober 2015), en del synpunkter p\u00e5 banorna fr\u00e5n deltagarna, men bankontrollanten tyckte att banorna l\u00e5g p\u00e5 en bra niv\u00e5. Tyv\u00e4rr har samordningen inte fungerat f\u00f6r N\u00e4rnattcuppen i \u00e5r, vilket kan ha gjort att banorna mellan de olika etapperna h\u00e5llit olika niv\u00e5.<\/li>\n<li>Vi arrangerar Natt-DM i mars 2016.\n<ul>\n<li>Skall vi kanske k\u00f6ra en utbildning f\u00f6r oerfarna funktion\u00e4rer f\u00f6r att f\u00e5 fler nya att prova p\u00e5 att arrangera?<\/li>\n<li>Linda ber\u00e4ttar om att Skidklubben \u00e4r intresserade av att h\u00e5lla en studiecirkel i banl\u00e4ggning.<\/li>\n<\/ul>\n<\/li>\n<\/ul>\n<\/li>\n<li>Information fr\u00e5n SOFT\n<ul>\n<li>N\u00e4sta \u00e5r \u00e4r det VM i Str\u00f6mstad i augusti, kom och spring!<\/li>\n<\/ul>\n<\/li>\n<li>Information fr\u00e5n GOF\n<ul>\n<li>Vi beh\u00f6ver st\u00e4lla upp med en person till GOFs valberedning.<\/li>\n<\/ul>\n<\/li>\n<li>Information fr\u00e5n styrelsen\n<ul>\n<li>F\u00f6rslag har inkommit som inte redovisas i detta protokoll.<\/li>\n<\/ul>\n<\/li>\n<li>Information fr\u00e5n FMC\n<ul>\n<li>Nya inpasseringsregler b\u00f6rjar g\u00e4lla fr\u00e5n och med 1 januari 2016.<\/li>\n<\/ul>\n<\/li>\n<\/ul>\n","protected":false},"excerpt":{"rendered":"<p>V\u00e4lkommen p\u00e5 sektionsm\u00f6te! Fyra g\u00e5nger per \u00e5r har vi sektionsm\u00f6ten d\u00e5 vi g\u00e5r igenom vad som h\u00e4nt och planerar s\u00e4songen som kommer. Alla som \u00e4r nyfikna p\u00e5 verksamheten och vill [&hellip;]<\/p>\n","protected":false},"author":1,"featured_media":0,"template":"","meta":{"_tribe_events_status":"","_tribe_events_status_reason":"","footnotes":""},"tags":[],"tribe_events_cat":[],"class_list":["post-3199","tribe_events","type-tribe_events","status-publish","hentry"],"_links":{"self":[{"href":"https:\/\/www.ifmarinvast.se\/orientering\/wp-json\/wp\/v2\/tribe_events\/3199","targetHints":{"allow":["GET"]}}],"collection":[{"href":"https:\/\/www.ifmarinvast.se\/orientering\/wp-json\/wp\/v2\/tribe_events"}],"about":[{"href":"https:\/\/www.ifmarinvast.se\/orientering\/wp-json\/wp\/v2\/types\/tribe_events"}],"author":[{"embeddable":true,"href":"https:\/\/www.ifmarinvast.se\/orientering\/wp-json\/wp\/v2\/users\/1"}],"version-history":[{"count":1,"href":"https:\/\/www.ifmarinvast.se\/orientering\/wp-json\/wp\/v2\/tribe_events\/3199\/revisions"}],"predecessor-version":[{"id":3431,"href":"https:\/\/www.ifmarinvast.se\/orientering\/wp-json\/wp\/v2\/tribe_events\/3199\/revisions\/3431"}],"wp:attachment":[{"href":"https:\/\/www.ifmarinvast.se\/orientering\/wp-json\/wp\/v2\/media?parent=3199"}],"wp:term":[{"taxonomy":"post_tag","embeddable":true,"href":"https:\/\/www.ifmarinvast.se\/orientering\/wp-json\/wp\/v2\/tags?post=3199"},{"taxonomy":"tribe_events_cat","embeddable":true,"href":"https:\/\/www.ifmarinvast.se\/orientering\/wp-json\/wp\/v2\/tribe_events_cat?post=3199"}],"curies":[{"name":"wp","href":"https:\/\/api.w.org\/{rel}","templated":true}]}}