{"id":5548,"date":"2020-02-17T19:19:38","date_gmt":"2020-02-17T18:19:38","guid":{"rendered":"http:\/\/www.ifmarinvast.se\/orientering\/?page_id=5548"},"modified":"2020-02-17T19:19:41","modified_gmt":"2020-02-17T18:19:41","slug":"klubbklader-2020","status":"publish","type":"page","link":"https:\/\/www.ifmarinvast.se\/orientering\/klubbklader-2020\/","title":{"rendered":"Klubbkl\u00e4der 2020"},"content":{"rendered":"\n<h2 class=\"wp-block-heading\"><strong>Best\u00e4llning av orienteringstr\u00f6ja, \u201dLejontr\u00f6jan\u201d<\/strong><\/h2>\n\n\n\n<p>Se beskrivning av tr\u00f6jan nedan samt bild nedan, tillverkaren Trimtex kallar den \u201dRapid 2.0 orienteringstr\u00f6ja\u201d.<\/p>\n\n\n\n<p>Priset f\u00f6r tr\u00f6jan \u00e4r 419 kr i herr\/dam-storlek och ungdomar som betalat tr\u00e4ningsavgift betalar 250 kr f\u00f6r juniorstorleken.<\/p>\n\n\n\n<p>Gl\u00f6m inte ange modell och storlek:<\/p>\n\n\n\n<ul class=\"wp-block-list\"><li>Junior: 130 cl &#8211; 160 cl (XS)<\/li><li>Herr: S &#8211; XXXL<\/li><li>Dam: XS &#8211; XXL<\/li><\/ul>\n\n\n\n<p><strong>Senast\u00a015 mars\u00a02020 beh\u00f6ver vi ha din best\u00e4llning av lejontr\u00f6jan till\u00a0<\/strong><a href=\"mailto:klader@ifmarinvast.se\">klader@ifmarinvast.se<\/a><strong>\u00a0eller telefonnummer kv\u00e4ll\/helg [se utskickat e-mail].<\/strong><\/p>\n\n\n\n<h2 class=\"wp-block-heading\"><strong>\u00c4r du intresserad av \u00f6verdragskl\u00e4der?&nbsp;<\/strong><\/h2>\n\n\n\n<p>Jag samlar upp intresseanm\u00e4lningar f\u00f6r att se om vi kan f\u00e5 in tillr\u00e4ckligt m\u00e5nga best\u00e4llningar.<\/p>\n\n\n\n<p>Byxan ska kunna anv\u00e4ndas b\u00e5de som t\u00e4vlingsbyxa och som \u00f6verdragsbyxa s\u00e5 att den tillsammans med en jacka kan anv\u00e4ndas som overall. L\u00e4s mer om modellerna nedan och p\u00e5\u00a0<a rel=\"noreferrer noopener\" href=\"http:\/\/trimtex.se\/\" target=\"_blank\">trimtex.se<\/a>.\u00a0Priset blir ca 1000 kr f\u00f6r jacka och ca 800 kr f\u00f6r byxa.\u00a0Kl\u00e4derna \u00e4r inte designade \u00e4nnu men m\u00e5ls\u00e4ttningen \u00e4r att de blir i liknande f\u00e4rger som v\u00e5ra gamla \u00f6verdragskl\u00e4der, se bild p\u00e5 gamla jackan nedan.<\/p>\n\n\n\n<p><strong>Ni kan anm\u00e4la intresse f\u00f6r \u00f6verdragskl\u00e4der genom\u00a0<\/strong><a href=\"mailto:klader@ifmarinvast.se\">klader@ifmarinvast.se<\/a><strong>\u00a0eller telefonnummer kv\u00e4ll\/helg [se utskickat e-mail]. Senast\u00a025 februari\u00a0beh\u00f6ver vi din intresseanm\u00e4lan.<\/strong><\/p>\n\n\n\n<p>\/Hej fr\u00e5n Evelina!<\/p>\n\n\n\n<p><\/p>\n\n\n\n<h2 class=\"wp-block-heading\"><strong>Rapid 2.0 orienteringstr\u00f6ja<\/strong><\/h2>\n\n\n\n<figure class=\"wp-block-image size-large\"><img loading=\"lazy\" decoding=\"async\" width=\"1024\" height=\"525\" src=\"https:\/\/www.ifmarinvast.se\/orientering\/wp-content\/uploads\/2020\/02\/Lejontr\u00f6jan.jpg\" alt=\"\" class=\"wp-image-5549\" srcset=\"https:\/\/www.ifmarinvast.se\/orientering\/wp-content\/uploads\/2020\/02\/Lejontr\u00f6jan.jpg 1024w, https:\/\/www.ifmarinvast.se\/orientering\/wp-content\/uploads\/2020\/02\/Lejontr\u00f6jan-300x154.jpg 300w, https:\/\/www.ifmarinvast.se\/orientering\/wp-content\/uploads\/2020\/02\/Lejontr\u00f6jan-768x394.jpg 768w\" sizes=\"auto, (max-width: 1024px) 100vw, 1024px\" \/><\/figure>\n\n\n\n<p>Rapid 2.0 orienteringstr\u00f6ja \u00e4r en kort\u00e4rmad tr\u00f6ja med fantastisk passform. Orienteringstr\u00f6jan \u00e4r tillverkad i Coolmax som \u00e4r ett material som transporterar bort fukt och svett mycket bra. Ryggen best\u00e5r av ett meshtyg f\u00f6r bra ventilering. Orienteringstr\u00f6jan \u00e4r teknisk och tillverkad i slitstarkt material som t\u00e5l m\u00e5nga turer i tuff terr\u00e4ng. Orienteringstr\u00f6jan upplevs som l\u00e4tt och luftig p\u00e5 kroppen och har dragkedja i halsen s\u00e5 att den ska vara enkel att ta av och p\u00e5. Fantastisk passform. Coolmax-material som andas. Teknisk och slitstark. Detta betyder att plagget ska sitta ledigare p\u00e5 kroppen och inte p\u00e5 n\u00e5got s\u00e4tt k\u00e4nnas stram eller tight.&nbsp;Observera att modellen har utvecklats sedan klubben best\u00e4llde senast, nu \u00e4r ryggen tydligen mer ventilerad genom ett por\u00f6sare tyg d\u00e4r bak.<\/p>\n\n\n\n<p><a href=\"https:\/\/trimtex.se\/sv\/produkter\/herr\/orientering\/trojor\/rapid-2.0-orienteringstroja-herr\/220157219-08.html\">https:\/\/trimtex.se\/sv\/produkter\/herr\/orientering\/trojor\/rapid-2.0-orienteringstroja-herr\/220157219-08.html<\/a><\/p>\n\n\n\n<h2 class=\"wp-block-heading\"><strong>\u00d6verdragskl\u00e4der &#8211; jacka och byxa<\/strong><\/h2>\n\n\n\n<figure class=\"wp-block-image size-large\"><img loading=\"lazy\" decoding=\"async\" width=\"1024\" height=\"768\" src=\"https:\/\/www.ifmarinvast.se\/orientering\/wp-content\/uploads\/2020\/02\/Tre-gamla-tr\u00e4ningsoverallsjackor-i-Boden.jpg\" alt=\"\" class=\"wp-image-5550\" srcset=\"https:\/\/www.ifmarinvast.se\/orientering\/wp-content\/uploads\/2020\/02\/Tre-gamla-tr\u00e4ningsoverallsjackor-i-Boden.jpg 1024w, https:\/\/www.ifmarinvast.se\/orientering\/wp-content\/uploads\/2020\/02\/Tre-gamla-tr\u00e4ningsoverallsjackor-i-Boden-300x225.jpg 300w, https:\/\/www.ifmarinvast.se\/orientering\/wp-content\/uploads\/2020\/02\/Tre-gamla-tr\u00e4ningsoverallsjackor-i-Boden-768x576.jpg 768w\" sizes=\"auto, (max-width: 1024px) 100vw, 1024px\" \/><\/figure>\n\n\n\n<p>Se beskrivningen av kl\u00e4dmodellerna nedan.<\/p>\n\n\n\n<p><strong>Trainer tr\u00e4ningsjacka<\/strong><\/p>\n\n\n\n<p>Trainer tr\u00e4ningsjacka \u00e4r en klassisk och en kundfavorit bland tr\u00e4ningsjackorna. Detta \u00e4r en l\u00e4tt och m\u00e5ngsidig tr\u00e4ningsjacka med utm\u00e4rkta stretchpaneler i sidorna och under \u00e4rmarna, vilket g\u00f6r jackan flexibel och bekv\u00e4m, \u00e4ven vid st\u00f6rre r\u00f6relser. \u00d6verdragsjackan \u00e4r vind- och vattenavvisande och har ventilations\u00f6ppningar p\u00e5 ryggen som ventilerar bra vid en lite h\u00f6gre aktivitetsniv\u00e5. Detta g\u00f6r att jackan passar b\u00e5de till tr\u00e4ning som l\u00f6pning, skid\u00e5kning och kortare fj\u00e4llvandringar. Jackan har res\u00e5r l\u00e4ngst ned och enhands\u00e5tdragning som bidrar till en enkel anpassning. Den har \u00e4ven tv\u00e5 fickor med blixtl\u00e5s, hakskydd, mjukt foder i kragen och stormskydd som hindrar vinden fr\u00e5n att tr\u00e4nga genom dragkedjan. Dessutom muddar med tumh\u00e5l och reflexdetaljer f\u00f6r \u00f6kad synlighet. Trainer tr\u00e4ningsjacka har en tillh\u00f6rande byxa i b\u00e5de dam- och herrmodeller och \u00e4r b\u00e4sts\u00e4ljaren till f\u00f6retag, klubbar och idrottslag.<\/p>\n\n\n\n<p><a href=\"https:\/\/trimtex.se\/sv\/produkter\/herr\/lopning-och-friidrott\/jackor-och-vaestar\/trainer-traeningsjacka-herr\/220160419-08.html\">https:\/\/trimtex.se\/sv\/produkter\/herr\/lopning-och-friidrott\/jackor-och-vaestar\/trainer-traeningsjacka-herr\/220160419-08.html<\/a><\/p>\n\n\n\n<p><strong>Trainer tr\u00e4ningsbyxa<\/strong><\/p>\n\n\n\n<p>Trainer tr\u00e4ningsbyxa \u00e4r en klassiker och en stors\u00e4ljare bland tr\u00e4ningsbyxor. Detta \u00e4r en enkel och m\u00e5ngsidig tr\u00e4ningsbyxa i ett vind- och vattenavvisande material framtill och ett t\u00f6jbart material som andas baktill som g\u00f6r byxan flexibel och bekv\u00e4m att ha p\u00e5 sig, \u00e4ven vid st\u00f6rre r\u00f6relser. F\u00f6rutom det ventilerande materialet baktill, har byxan ventilation under kn\u00e4na. Den \u00f6vre delen av byxan har ocks\u00e5 meshfoder s\u00e5 att den \u00e4r mer bekv\u00e4m n\u00e4r du svettas. Dessa funktioner g\u00f6r att tr\u00e4ningsbyxorna passar till n\u00e5got h\u00f6gre aktivitetsniv\u00e5er s\u00e5 som l\u00f6pning, kortare vandringar och annan tr\u00e4ning. Det finns \u00e4ven praktiskt blixtl\u00e5s\u00f6ppningar p\u00e5 benen, en elastisk linning med sn\u00f6rning och enhands\u00e5tstramning l\u00e4ngst ned, samt blixtl\u00e5sficka p\u00e5 h\u00f6ger sida och reflexdetaljer f\u00f6r \u00f6kad synlighet. Tr\u00e4ningsbyxan har en tillh\u00f6rande jacka i b\u00e5de dam- och herrmodell och \u00e4r b\u00e4sts\u00e4ljaren till f\u00f6retag, klubbar och idrottslag. Detta plagg har en normal passform och sitter d\u00e4rf\u00f6r l\u00f6sare p\u00e5 kroppen, det skall inte k\u00e4nnas stramt eller tight p\u00e5 n\u00e5got s\u00e4tt.&nbsp;<\/p>\n\n\n\n<p><a href=\"https:\/\/trimtex.se\/sv\/produkter\/herr\/lopning-och-friidrott\/byxor\/trainer-traeningsbyxa-herr\/220114317-08.html\">https:\/\/trimtex.se\/sv\/produkter\/herr\/lopning-och-friidrott\/byxor\/trainer-traeningsbyxa-herr\/220114317-08.html<\/a><\/p>\n","protected":false},"excerpt":{"rendered":"<p>Best\u00e4llning av orienteringstr\u00f6ja, \u201dLejontr\u00f6jan\u201d Se beskrivning av tr\u00f6jan nedan samt bild nedan, tillverkaren Trimtex kallar den \u201dRapid 2.0 orienteringstr\u00f6ja\u201d. Priset f\u00f6r tr\u00f6jan \u00e4r 419 kr i herr\/dam-storlek och ungdomar som [&hellip;]<\/p>\n","protected":false},"author":4,"featured_media":0,"parent":0,"menu_order":0,"comment_status":"closed","ping_status":"closed","template":"","meta":{"footnotes":""},"class_list":["post-5548","page","type-page","status-publish","hentry"],"_links":{"self":[{"href":"https:\/\/www.ifmarinvast.se\/orientering\/wp-json\/wp\/v2\/pages\/5548","targetHints":{"allow":["GET"]}}],"collection":[{"href":"https:\/\/www.ifmarinvast.se\/orientering\/wp-json\/wp\/v2\/pages"}],"about":[{"href":"https:\/\/www.ifmarinvast.se\/orientering\/wp-json\/wp\/v2\/types\/page"}],"author":[{"embeddable":true,"href":"https:\/\/www.ifmarinvast.se\/orientering\/wp-json\/wp\/v2\/users\/4"}],"replies":[{"embeddable":true,"href":"https:\/\/www.ifmarinvast.se\/orientering\/wp-json\/wp\/v2\/comments?post=5548"}],"version-history":[{"count":2,"href":"https:\/\/www.ifmarinvast.se\/orientering\/wp-json\/wp\/v2\/pages\/5548\/revisions"}],"predecessor-version":[{"id":5552,"href":"https:\/\/www.ifmarinvast.se\/orientering\/wp-json\/wp\/v2\/pages\/5548\/revisions\/5552"}],"wp:attachment":[{"href":"https:\/\/www.ifmarinvast.se\/orientering\/wp-json\/wp\/v2\/media?parent=5548"}],"curies":[{"name":"wp","href":"https:\/\/api.w.org\/{rel}","templated":true}]}}