{"id":5537,"date":"2020-02-07T17:38:38","date_gmt":"2020-02-07T16:38:38","guid":{"rendered":"http:\/\/www.ifmarinvast.se\/orientering\/?page_id=5537"},"modified":"2020-02-07T17:43:35","modified_gmt":"2020-02-07T16:43:35","slug":"kallelse-och-dagordning-till-arsmote-for-if-marin-vast-2020","status":"publish","type":"page","link":"https:\/\/www.ifmarinvast.se\/orientering\/kallelse-och-dagordning-till-arsmote-for-if-marin-vast-2020\/","title":{"rendered":"Kallelse och dagordning till \u00e5rsm\u00f6te f\u00f6r IF Marin V\u00e4st 2020"},"content":{"rendered":"\n<p>Onsdag 4 mars kl 19.00 i IF Marin V\u00e4sts klubbstuga, p\u00e5 G\u00f6teborgs Garnison.<\/p>\n\n\n\n<p><strong>F\u00f6rslag<\/strong><br>F\u00f6rslag till \u00e5rsm\u00f6tet ska l\u00e4mnas in till styrelsen av r\u00f6stber\u00e4ttigad medlem senast 18 februari.<br>F\u00f6rslagen skickas till styrelsen@ifmarinvast.se<\/p>\n\n\n\n<p><strong>Handlingar<\/strong><br>Handlingar inf\u00f6r \u00e5rsm\u00f6tet kommer finnas tillg\u00e4ngliga f\u00f6r medlemmarna senast en vecka f\u00f6re \u00e5rsm\u00f6tet. En l\u00e4nk till handlingarna kommer att e-postas till alla medlemmar senast en vecka innan \u00e5rsm\u00f6tet. Det g\u00e5r \u00e4ven att mejla till styrelsen@ifmarinvast.se f\u00f6r att ta del av handlingarna.<\/p>\n\n\n\n<p><strong>Dagordning<\/strong><\/p>\n\n\n\n<p>\u00a7 1 M\u00f6tets \u00f6ppnande<\/p>\n\n\n\n<p>\u00a7 2 Fastst\u00e4llande av dagordning<\/p>\n\n\n\n<p>\u00a7 3 Val av ordf\u00f6rande f\u00f6r \u00e5rsm\u00f6te<\/p>\n\n\n\n<p>\u00a7 4 Val av protokollf\u00f6rare samt tv\u00e5 justeringsm\u00e4n<\/p>\n\n\n\n<p>\u00a7 5 Fr\u00e5ga om \u00e5rsm\u00f6tet utlysts p\u00e5 r\u00e4tt s\u00e4tt<\/p>\n\n\n\n<p>\u00a7 6 Fastst\u00e4llande av r\u00f6stl\u00e4ngd<\/p>\n\n\n\n<p>\u00a7 7 Verksamhetsber\u00e4ttelse f\u00f6r 2019<\/p>\n\n\n\n<p>\u00a7 8 Resultat och balansr\u00e4kning f\u00f6r 2019<\/p>\n\n\n\n<p>\u00a7 9 Revisorernas ber\u00e4ttelse \u00f6ver styrelsens f\u00f6rvaltning f\u00f6r \u00e5r 2019<\/p>\n\n\n\n<p>\u00a7 10 Fr\u00e5ga om ansvarsfrihet f\u00f6r styrelsen<\/p>\n\n\n\n<p>\u00a7 11 Fastst\u00e4llande av verksamhetsplan 2020<\/p>\n\n\n\n<p>\u00a7 12 Fastst\u00e4llande av budget och avgifter f\u00f6r nuvarande verksamhets\u00e5r.<\/p>\n\n\n\n<p>\u00a7 13 Val av styrelse, ledam\u00f6ter, suppleanter, revisorer och valberedning.<\/p>\n\n\n\n<p>\u00a7 14 Best\u00e4mma firmatecknare<\/p>\n\n\n\n<p>\u00a7 15 \u00c4rende som styrelsen eller medlem f\u00f6reslagit till \u00e5rsm\u00f6tet.<\/p>\n\n\n\n<p>\u00a7 16 \u00d6vriga fr\u00e5gor<\/p>\n\n\n\n<p>\u00a7 17 M\u00f6tets avslutande<\/p>\n\n\n\n<p>\u00a7 18 Prisutdelning Vandringspris och Gustav Lundbergs fond.<\/p>\n","protected":false},"excerpt":{"rendered":"<p>Onsdag 4 mars kl 19.00 i IF Marin V\u00e4sts klubbstuga, p\u00e5 G\u00f6teborgs Garnison. F\u00f6rslagF\u00f6rslag till \u00e5rsm\u00f6tet ska l\u00e4mnas in till styrelsen av r\u00f6stber\u00e4ttigad medlem senast 18 februari.F\u00f6rslagen skickas till styrelsen@ifmarinvast.se [&hellip;]<\/p>\n","protected":false},"author":4,"featured_media":0,"parent":0,"menu_order":0,"comment_status":"closed","ping_status":"closed","template":"","meta":{"footnotes":""},"class_list":["post-5537","page","type-page","status-publish","hentry"],"_links":{"self":[{"href":"https:\/\/www.ifmarinvast.se\/orientering\/wp-json\/wp\/v2\/pages\/5537","targetHints":{"allow":["GET"]}}],"collection":[{"href":"https:\/\/www.ifmarinvast.se\/orientering\/wp-json\/wp\/v2\/pages"}],"about":[{"href":"https:\/\/www.ifmarinvast.se\/orientering\/wp-json\/wp\/v2\/types\/page"}],"author":[{"embeddable":true,"href":"https:\/\/www.ifmarinvast.se\/orientering\/wp-json\/wp\/v2\/users\/4"}],"replies":[{"embeddable":true,"href":"https:\/\/www.ifmarinvast.se\/orientering\/wp-json\/wp\/v2\/comments?post=5537"}],"version-history":[{"count":3,"href":"https:\/\/www.ifmarinvast.se\/orientering\/wp-json\/wp\/v2\/pages\/5537\/revisions"}],"predecessor-version":[{"id":5540,"href":"https:\/\/www.ifmarinvast.se\/orientering\/wp-json\/wp\/v2\/pages\/5537\/revisions\/5540"}],"wp:attachment":[{"href":"https:\/\/www.ifmarinvast.se\/orientering\/wp-json\/wp\/v2\/media?parent=5537"}],"curies":[{"name":"wp","href":"https:\/\/api.w.org\/{rel}","templated":true}]}}