{"id":2754,"date":"2015-09-13T10:43:25","date_gmt":"2015-09-13T08:43:25","guid":{"rendered":"http:\/\/www.ifmarinvast.se\/orientering\/?page_id=2754"},"modified":"2022-01-26T20:29:17","modified_gmt":"2022-01-26T19:29:17","slug":"gustav-lundbergs-pris","status":"publish","type":"page","link":"https:\/\/www.ifmarinvast.se\/orientering\/foreningen\/gustav-lundbergs-pris\/","title":{"rendered":"Gustav Lundbergs pris"},"content":{"rendered":"<div>\n<div>\n<p><strong>Gustav Lundbergs pris<\/strong> tilldelas n\u00e5gon ungdomsmedlem. Gustav Lundbergs pris \u00e4r skapat efter Gustav Lundberg som var ordf\u00f6rande i v\u00e5r f\u00f6rening under m\u00e5nga \u00e5r.<\/p>\n<p>Priset b\u00f6rjade delas ut 2013 och var d\u00e5 1 000 kronor till varje stipendiat. Priset delas ut p\u00e5 \u00e5rsm\u00f6tet.<\/p>\n<p><strong>Fondens regler:<\/strong><\/p>\n<p>\u00a71 \u00a0 Fonden \u00e4r inr\u00e4ttad vid Gustav Lundbergs 90-\u00e5rsdag 2013-01-25 inom IF Marin V\u00e4st och syftar till att premiera ungdomar i IF Marin V\u00e4st.<\/p>\n<p>\u00a72 \u00a0Aktiv ungdom i f\u00f6reningen IF Marin V\u00e4st utses och tilldelas premie 1 g\u00e5ng\/\u00e5r f\u00f6r extraordin\u00e4ra och goda insatser inom sin idrott. Styrelsen fastst\u00e4ller stipendiat p\u00e5 f\u00f6rslag fr\u00e5n sektionsledning vid sista styrelsem\u00f6tet varje kalender\u00e5r<\/p>\n<p>\u00a73 \u00a0Storleken p\u00e5 stipendiet kan variera beroende p\u00e5 fondens avkastning<\/p>\n<p>\u00a74 \u00a0Bidrag till fonden ins\u00e4ttes p\u00e5 IF Marin V\u00e4sts (org 857202-6147)\u00a0bankgiro: 537-7866<\/p>\n<\/div>\n<\/div>\n<p>Motivering f\u00f6r pristagarna i orienteringssektionen:<\/p>\n<h3>2020<\/h3>\n<p><span data-sheets-value=\"{&quot;1&quot;:2,&quot;2&quot;:&quot;Arild Norberg&quot;}\" data-sheets-userformat=\"{&quot;2&quot;:12801,&quot;3&quot;:{&quot;1&quot;:0},&quot;12&quot;:0,&quot;15&quot;:&quot;Arial&quot;,&quot;16&quot;:12}\">Priset tilldelas Arild Norberg. &#8221;Arild \u00e4r positiv, glad och motiverad. Han tycker om utmaningar i orientering och ger sig aldrig. Han \u00e4r ett f\u00f6red\u00f6me som inte \u00e4r r\u00e4dd f\u00f6r att pr\u00f6va nya sv\u00e5righeter eller nya banor.&#8221;<\/span><\/p>\n<h3>2019<\/h3>\n<p>inget pris<\/p>\n<h3>2018<\/h3>\n<p><span data-sheets-value=\"{&quot;1&quot;:2,&quot;2&quot;:&quot;Lycka Drakengren&quot;}\" data-sheets-userformat=\"{&quot;2&quot;:12801,&quot;3&quot;:{&quot;1&quot;:0},&quot;12&quot;:0,&quot;15&quot;:&quot;Arial&quot;,&quot;16&quot;:12}\">Priset tilldelas Lycka Drakengren. &#8221;I en \u00e5lder d\u00e5 de flesta ungdomar slutar med sin idrott, har Lycka ist\u00e4llet valt att vara mer aktiv p\u00e5 tr\u00e4ning och t\u00e4vling, och med sin positiva inst\u00e4llning vara ett f\u00f6red\u00f6me f\u00f6r andra ungdomar.&#8221;<\/span><\/p>\n<h3>2017<\/h3>\n<p><span data-sheets-value=\"{&quot;1&quot;:2,&quot;2&quot;:&quot;Arvid har under 2017 varit en stor tillg\u00e5ng f\u00f6r klubben! Arvid \u00e4r positiv och glad. Han st\u00e4ller upp \u00e4ven p\u00e5 obekv\u00e4ma arbetsuppgifter. Han \u00e4r ett f\u00f6red\u00f6me och ett st\u00f6d till de yngre medlemmarna. Arvid \u00e4r inte r\u00e4dd f\u00f6r att ta rollen som ledare, och han har visat att han klarar den bra!&quot;}\" data-sheets-userformat=\"{&quot;2&quot;:13057,&quot;3&quot;:{&quot;1&quot;:0},&quot;11&quot;:4,&quot;12&quot;:0,&quot;15&quot;:&quot;Arial&quot;,&quot;16&quot;:12}\">Priset tilldelas Arvid Ekberg.<\/span><span data-sheets-value=\"{&quot;1&quot;:2,&quot;2&quot;:&quot;Arvid har under 2017 varit en stor tillg\u00e5ng f\u00f6r klubben! Arvid \u00e4r positiv och glad. Han st\u00e4ller upp \u00e4ven p\u00e5 obekv\u00e4ma arbetsuppgifter. Han \u00e4r ett f\u00f6red\u00f6me och ett st\u00f6d till de yngre medlemmarna. Arvid \u00e4r inte r\u00e4dd f\u00f6r att ta rollen som ledare, och han har visat att han klarar den bra!&quot;}\" data-sheets-userformat=\"{&quot;2&quot;:13057,&quot;3&quot;:{&quot;1&quot;:0},&quot;11&quot;:4,&quot;12&quot;:0,&quot;15&quot;:&quot;Arial&quot;,&quot;16&quot;:12}\">\u00a0&#8221;Arvid har under 2017 varit en stor tillg\u00e5ng f\u00f6r klubben! Arvid \u00e4r positiv och glad. Han st\u00e4ller upp \u00e4ven p\u00e5 obekv\u00e4ma arbetsuppgifter. Han \u00e4r ett f\u00f6red\u00f6me och ett st\u00f6d till de yngre medlemmarna. Arvid \u00e4r inte r\u00e4dd f\u00f6r att ta rollen som ledare, och han har visat att han klarar den bra!&#8221;<\/span><\/p>\n<h3>2016<\/h3>\n<p><span data-sheets-value=\"{&quot;1&quot;:2,&quot;2&quot;:&quot;\u201d2016 \u00e5rs pristagare har under \u00e5ret tagit stora steg i sin utveckling, inte bara genom att utveckla sin orienteringsteknik och med \u00f6kad erfarenhet \u00e4nnu b\u00e4ttre kunnat f\u00f6renkla och h\u00f6ja farten i sin orientering. Han har \u00e4ven tagit ett stort ansvar i ledarskap och fysisk tr\u00e4ning, genom att leda andra och hj\u00e4lpa dem att f\u00f6rst\u00e5 och genomf\u00f6ra \u00f6vningar p\u00e5 innetr\u00e4ningen. Sammantaget har Hannes under 2016 b\u00e5de utvecklat sina egna f\u00f6rm\u00e5gor, hj\u00e4lpt andra medlemmar och varit en viktig f\u00f6rebild f\u00f6r de yngre ungdomarna, samtidigt som han som vanligt \u00e4ven varit IF Marin V\u00e4sts flitigaste orienterare \u2013 och en v\u00e4lf\u00f6rtj\u00e4nt mottagare av Gustav Lundbergs pris\u201d&quot;}\" data-sheets-userformat=\"{&quot;2&quot;:13057,&quot;3&quot;:{&quot;1&quot;:0},&quot;11&quot;:4,&quot;12&quot;:0,&quot;15&quot;:&quot;Arial&quot;,&quot;16&quot;:12}\">Priset tilldelas Hannes Rosendahl. \u201d2016 \u00e5rs pristagare har under \u00e5ret tagit stora steg i sin utveckling, inte bara genom att utveckla sin orienteringsteknik och med \u00f6kad erfarenhet \u00e4nnu b\u00e4ttre kunnat f\u00f6renkla och h\u00f6ja farten i sin orientering. Han har \u00e4ven tagit ett stort ansvar i ledarskap och fysisk tr\u00e4ning, genom att leda andra och hj\u00e4lpa dem att f\u00f6rst\u00e5 och genomf\u00f6ra \u00f6vningar p\u00e5 innetr\u00e4ningen. Sammantaget har Hannes under 2016 b\u00e5de utvecklat sina egna f\u00f6rm\u00e5gor, hj\u00e4lpt andra medlemmar och varit en viktig f\u00f6rebild f\u00f6r de yngre ungdomarna, samtidigt som han som vanligt \u00e4ven varit IF Marin V\u00e4sts flitigaste orienterare \u2013 och en v\u00e4lf\u00f6rtj\u00e4nt mottagare av Gustav Lundbergs pris\u201d<\/span><\/p>\n<h3>2015<\/h3>\n<p><em>Priset tilldelas Maria Bengtsson.\u00a0Maria \u00e4r alltid en god kompis och en \u00f6ppen och glad person som f\u00e5r alla att trivas p\u00e5 tr\u00e4ningar och klubbtr\u00e4ffar. Hon m\u00f6ter utmaningar i orientering med styrka och ger sig aldrig &#8211; ett f\u00f6red\u00f6me, som inte \u00e4r r\u00e4dd f\u00f6r att pr\u00f6va nya sv\u00e5righeter eller nya banor. D\u00e4rf\u00f6r \u00e4r vi glada att ha Maria som orienterare i IF Marin V\u00e4st!<\/em><\/p>\n<div>\n<div>\n<h3>2014<\/h3>\n<p><em>Priset tilldelas Jakob Junkers f\u00f6r det driv och intresse han har visat f\u00f6r att utvecklas vidare och l\u00e4ra mer inom orienteringssporten. Jakob har under \u00e5ret etablerat sig p\u00e5 svart niv\u00e5 i H18 genom att tr\u00e4na och t\u00e4vla flitigt och aldrig ge upp i motg\u00e5ng. Han har tr\u00e4get st\u00e4llt upp i och fullf\u00f6ljt fler t\u00e4vlingar i sin huvudklass \u00e4n n\u00e5gon annan junior i klubben. Jakobs ambitioner har ocks\u00e5 givit resultat under 2014 d\u00e5 han gjort n\u00e5gra av sina b\u00e4sta orienteringslopp hittills, och det p\u00e5 den sv\u00e5raste niv\u00e5n. Med stipendiet p\u00e5 1000 kr vill vi uppm\u00e4rksamma och bel\u00f6na dessa prestationer och den utveckling Jakob drivit fram i sin egen orientering.<\/em><\/p>\n<h3>2013<\/h3>\n<p><em>Orienteringssektionens stipendiat till Gustav Lundbergs pris \u00e5r 2013 \u00e4r <span class=\"il\">Robert<\/span> <span class=\"il\">Karlsson<\/span> i handikappgruppen. <span class=\"il\">Robert<\/span> har en l\u00e5ng historia i f\u00f6reningen och har under alla dessa \u00e5r varit en god kamrat och en st\u00e4ndigt positiv kraft. Under 2013 har han gjort fysiska framsteg och blivit \u00e4n mer aktiv p\u00e5 tr\u00e4ningarna. P\u00e5 sektionens gemensamma tr\u00e4ningsdag visade han prov p\u00e5 b\u00e5de en h\u00e4rlig k\u00e4mpaanda och stora framsteg inom orientering.<\/em><\/p>\n<\/div>\n<\/div>\n","protected":false},"excerpt":{"rendered":"<p>Gustav Lundbergs pris tilldelas n\u00e5gon ungdomsmedlem. Gustav Lundbergs pris \u00e4r skapat efter Gustav Lundberg som var ordf\u00f6rande i v\u00e5r f\u00f6rening under m\u00e5nga \u00e5r. Priset b\u00f6rjade delas ut 2013 och var [&hellip;]<\/p>\n","protected":false},"author":1,"featured_media":2757,"parent":22,"menu_order":0,"comment_status":"closed","ping_status":"closed","template":"","meta":{"footnotes":""},"class_list":["post-2754","page","type-page","status-publish","has-post-thumbnail","hentry"],"_links":{"self":[{"href":"https:\/\/www.ifmarinvast.se\/orientering\/wp-json\/wp\/v2\/pages\/2754","targetHints":{"allow":["GET"]}}],"collection":[{"href":"https:\/\/www.ifmarinvast.se\/orientering\/wp-json\/wp\/v2\/pages"}],"about":[{"href":"https:\/\/www.ifmarinvast.se\/orientering\/wp-json\/wp\/v2\/types\/page"}],"author":[{"embeddable":true,"href":"https:\/\/www.ifmarinvast.se\/orientering\/wp-json\/wp\/v2\/users\/1"}],"replies":[{"embeddable":true,"href":"https:\/\/www.ifmarinvast.se\/orientering\/wp-json\/wp\/v2\/comments?post=2754"}],"version-history":[{"count":12,"href":"https:\/\/www.ifmarinvast.se\/orientering\/wp-json\/wp\/v2\/pages\/2754\/revisions"}],"predecessor-version":[{"id":6366,"href":"https:\/\/www.ifmarinvast.se\/orientering\/wp-json\/wp\/v2\/pages\/2754\/revisions\/6366"}],"up":[{"embeddable":true,"href":"https:\/\/www.ifmarinvast.se\/orientering\/wp-json\/wp\/v2\/pages\/22"}],"wp:featuredmedia":[{"embeddable":true,"href":"https:\/\/www.ifmarinvast.se\/orientering\/wp-json\/wp\/v2\/media\/2757"}],"wp:attachment":[{"href":"https:\/\/www.ifmarinvast.se\/orientering\/wp-json\/wp\/v2\/media?parent=2754"}],"curies":[{"name":"wp","href":"https:\/\/api.w.org\/{rel}","templated":true}]}}